{"id":1744,"date":"2024-01-21T18:08:38","date_gmt":"2024-01-21T17:08:38","guid":{"rendered":"https:\/\/box.gourmandinha.com\/?post_type=product&#038;p=1744"},"modified":"2025-11-03T14:49:18","modified_gmt":"2025-11-03T13:49:18","slug":"cachaca-artisanale-carvalho-et-cabriuva","status":"publish","type":"product","link":"https:\/\/box.gourmandinha.com\/index.php\/produit\/cachaca-artisanale-carvalho-et-cabriuva\/","title":{"rendered":"Cacha\u00e7a Artisanale Carvalho et Cabri\u00fava"},"content":{"rendered":"<p><span class=\"soustitre product\">WEBER HAUS 38% &#8211; 70CL<\/span><\/p>\n<p class=\"description-produit\">La Cacha\u00e7a Artisanale Weber Haus Carvalho et Cabri\u00fava est le r\u00e9sultat du pur jus de canne \u00e0 sucre (le c\u0153ur de chauffe) distill\u00e9 dans un alambic artisanal en cuivre \u00e0 repasse.<\/p>\n<p>Cet assemblage vieilli pendant 1 an dans un f\u00fbt de ch\u00eane am\u00e9ricain, puis 1 an dans un f\u00fbt de bois Cabri\u00fava (bois br\u00e9silien) propose des notes bois\u00e9es tr\u00e8s singuli\u00e8res qui font de cette cacha\u00e7a une r\u00e9f\u00e9rence unique.<\/p>\n<p>Conseill\u00e9e pour les amateurs de whiskys pour une d\u00e9gustation pure avec gla\u00e7ons.<\/p>\n","protected":false},"excerpt":{"rendered":"<p>WEBER HAUS 38% &#8211; 70CL La Cacha\u00e7a Artisanale Weber Haus Carvalho et Cabri\u00fava est le r\u00e9sultat du pur jus de canne \u00e0 sucre (le c\u0153ur de chauffe) distill\u00e9 dans un alambic artisanal en cuivre \u00e0 repasse. Cet assemblage vieilli pendant 1 an dans un f\u00fbt de ch\u00eane am\u00e9ricain, puis 1 an dans un f\u00fbt de [&hellip;]<\/p>\n","protected":false},"featured_media":1749,"comment_status":"open","ping_status":"closed","template":"","meta":[],"product_brand":[],"product_cat":[32],"product_tag":[],"class_list":{"0":"post-1744","1":"product","2":"type-product","3":"status-publish","4":"has-post-thumbnail","6":"product_cat-alcool","8":"entry","9":"has-media","11":"first","12":"instock","13":"shipping-taxable","14":"purchasable","15":"product-type-simple","16":"col","17":"span_1_of_3","18":"owp-content-center","19":"owp-thumbs-layout-horizontal","20":"owp-btn-normal","21":"owp-tabs-layout-horizontal","22":"has-no-thumbnails","23":"circle-sale"},"yoast_head":"<!-- This site is optimized with the Yoast SEO plugin v27.4 - https:\/\/yoast.com\/product\/yoast-seo-wordpress\/ -->\n<title>Cacha\u00e7a Artisanale Carvalho et Cabri\u00fava - Gourmandinha<\/title>\n<meta name=\"robots\" content=\"index, follow, max-snippet:-1, max-image-preview:large, max-video-preview:-1\" \/>\n<link rel=\"canonical\" href=\"https:\/\/box.gourmandinha.com\/index.php\/produit\/cachaca-artisanale-carvalho-et-cabriuva\/\" \/>\n<meta property=\"og:locale\" content=\"fr_FR\" \/>\n<meta property=\"og:type\" content=\"article\" \/>\n<meta property=\"og:title\" content=\"Cacha\u00e7a Artisanale Carvalho et Cabri\u00fava - Gourmandinha\" \/>\n<meta property=\"og:description\" content=\"WEBER HAUS 38% &#8211; 70CL La Cacha\u00e7a Artisanale Weber Haus Carvalho et Cabri\u00fava est le r\u00e9sultat du pur jus de canne \u00e0 sucre (le c\u0153ur de chauffe) distill\u00e9 dans un alambic artisanal en cuivre \u00e0 repasse. Cet assemblage vieilli pendant 1 an dans un f\u00fbt de ch\u00eane am\u00e9ricain, puis 1 an dans un f\u00fbt de [&hellip;]\" \/>\n<meta property=\"og:url\" content=\"https:\/\/box.gourmandinha.com\/index.php\/produit\/cachaca-artisanale-carvalho-et-cabriuva\/\" \/>\n<meta property=\"og:site_name\" content=\"Gourmandinha\" \/>\n<meta property=\"article:modified_time\" content=\"2025-11-03T13:49:18+00:00\" \/>\n<meta property=\"og:image\" content=\"https:\/\/box.gourmandinha.com\/wp-content\/uploads\/2024\/01\/Cachaca-Artisanale-Weber-Haus-Carvalho-et-Cabriuva-II-ans-dage-38-\u2013-70cl-BT-1536x1536-1.png\" \/>\n\t<meta property=\"og:image:width\" content=\"1536\" \/>\n\t<meta property=\"og:image:height\" content=\"1536\" \/>\n\t<meta property=\"og:image:type\" content=\"image\/png\" \/>\n<meta name=\"twitter:card\" content=\"summary_large_image\" \/>\n<meta name=\"twitter:label1\" content=\"Dur\u00e9e de lecture estim\u00e9e\" \/>\n\t<meta name=\"twitter:data1\" content=\"1 minute\" \/>\n<script type=\"application\/ld+json\" class=\"yoast-schema-graph\">{\"@context\":\"https:\\\/\\\/schema.org\",\"@graph\":[{\"@type\":\"WebPage\",\"@id\":\"https:\\\/\\\/box.gourmandinha.com\\\/index.php\\\/produit\\\/cachaca-artisanale-carvalho-et-cabriuva\\\/\",\"url\":\"https:\\\/\\\/box.gourmandinha.com\\\/index.php\\\/produit\\\/cachaca-artisanale-carvalho-et-cabriuva\\\/\",\"name\":\"Cacha\u00e7a Artisanale Carvalho et Cabri\u00fava - Gourmandinha\",\"isPartOf\":{\"@id\":\"https:\\\/\\\/box.gourmandinha.com\\\/#website\"},\"primaryImageOfPage\":{\"@id\":\"https:\\\/\\\/box.gourmandinha.com\\\/index.php\\\/produit\\\/cachaca-artisanale-carvalho-et-cabriuva\\\/#primaryimage\"},\"image\":{\"@id\":\"https:\\\/\\\/box.gourmandinha.com\\\/index.php\\\/produit\\\/cachaca-artisanale-carvalho-et-cabriuva\\\/#primaryimage\"},\"thumbnailUrl\":\"https:\\\/\\\/box.gourmandinha.com\\\/wp-content\\\/uploads\\\/2024\\\/01\\\/Cachaca-Artisanale-Weber-Haus-Carvalho-et-Cabriuva-II-ans-dage-38-\u2013-70cl-BT-1536x1536-1.png\",\"datePublished\":\"2024-01-21T17:08:38+00:00\",\"dateModified\":\"2025-11-03T13:49:18+00:00\",\"breadcrumb\":{\"@id\":\"https:\\\/\\\/box.gourmandinha.com\\\/index.php\\\/produit\\\/cachaca-artisanale-carvalho-et-cabriuva\\\/#breadcrumb\"},\"inLanguage\":\"fr-FR\",\"potentialAction\":[{\"@type\":\"ReadAction\",\"target\":[\"https:\\\/\\\/box.gourmandinha.com\\\/index.php\\\/produit\\\/cachaca-artisanale-carvalho-et-cabriuva\\\/\"]}]},{\"@type\":\"ImageObject\",\"inLanguage\":\"fr-FR\",\"@id\":\"https:\\\/\\\/box.gourmandinha.com\\\/index.php\\\/produit\\\/cachaca-artisanale-carvalho-et-cabriuva\\\/#primaryimage\",\"url\":\"https:\\\/\\\/box.gourmandinha.com\\\/wp-content\\\/uploads\\\/2024\\\/01\\\/Cachaca-Artisanale-Weber-Haus-Carvalho-et-Cabriuva-II-ans-dage-38-\u2013-70cl-BT-1536x1536-1.png\",\"contentUrl\":\"https:\\\/\\\/box.gourmandinha.com\\\/wp-content\\\/uploads\\\/2024\\\/01\\\/Cachaca-Artisanale-Weber-Haus-Carvalho-et-Cabriuva-II-ans-dage-38-\u2013-70cl-BT-1536x1536-1.png\",\"width\":1536,\"height\":1536},{\"@type\":\"BreadcrumbList\",\"@id\":\"https:\\\/\\\/box.gourmandinha.com\\\/index.php\\\/produit\\\/cachaca-artisanale-carvalho-et-cabriuva\\\/#breadcrumb\",\"itemListElement\":[{\"@type\":\"ListItem\",\"position\":1,\"name\":\"Accueil\",\"item\":\"https:\\\/\\\/box.gourmandinha.com\\\/\"},{\"@type\":\"ListItem\",\"position\":2,\"name\":\"Epicerie fine\",\"item\":\"https:\\\/\\\/box.gourmandinha.com\\\/index.php\\\/epicerie-fine\\\/\"},{\"@type\":\"ListItem\",\"position\":3,\"name\":\"Cacha\u00e7a Artisanale Carvalho et Cabri\u00fava\"}]},{\"@type\":\"WebSite\",\"@id\":\"https:\\\/\\\/box.gourmandinha.com\\\/#website\",\"url\":\"https:\\\/\\\/box.gourmandinha.com\\\/\",\"name\":\"Gourmandinha\",\"description\":\"\",\"publisher\":{\"@id\":\"https:\\\/\\\/box.gourmandinha.com\\\/#organization\"},\"potentialAction\":[{\"@type\":\"SearchAction\",\"target\":{\"@type\":\"EntryPoint\",\"urlTemplate\":\"https:\\\/\\\/box.gourmandinha.com\\\/?s={search_term_string}\"},\"query-input\":{\"@type\":\"PropertyValueSpecification\",\"valueRequired\":true,\"valueName\":\"search_term_string\"}}],\"inLanguage\":\"fr-FR\"},{\"@type\":\"Organization\",\"@id\":\"https:\\\/\\\/box.gourmandinha.com\\\/#organization\",\"name\":\"Gourmandinha\",\"url\":\"https:\\\/\\\/box.gourmandinha.com\\\/\",\"logo\":{\"@type\":\"ImageObject\",\"inLanguage\":\"fr-FR\",\"@id\":\"https:\\\/\\\/box.gourmandinha.com\\\/#\\\/schema\\\/logo\\\/image\\\/\",\"url\":\"https:\\\/\\\/box.gourmandinha.com\\\/wp-content\\\/uploads\\\/2022\\\/06\\\/cropped-Ativo-224.png\",\"contentUrl\":\"https:\\\/\\\/box.gourmandinha.com\\\/wp-content\\\/uploads\\\/2022\\\/06\\\/cropped-Ativo-224.png\",\"width\":2836,\"height\":466,\"caption\":\"Gourmandinha\"},\"image\":{\"@id\":\"https:\\\/\\\/box.gourmandinha.com\\\/#\\\/schema\\\/logo\\\/image\\\/\"}}]}<\/script>\n<!-- \/ Yoast SEO plugin. -->","yoast_head_json":{"title":"Cacha\u00e7a Artisanale Carvalho et Cabri\u00fava - Gourmandinha","robots":{"index":"index","follow":"follow","max-snippet":"max-snippet:-1","max-image-preview":"max-image-preview:large","max-video-preview":"max-video-preview:-1"},"canonical":"https:\/\/box.gourmandinha.com\/index.php\/produit\/cachaca-artisanale-carvalho-et-cabriuva\/","og_locale":"fr_FR","og_type":"article","og_title":"Cacha\u00e7a Artisanale Carvalho et Cabri\u00fava - Gourmandinha","og_description":"WEBER HAUS 38% &#8211; 70CL La Cacha\u00e7a Artisanale Weber Haus Carvalho et Cabri\u00fava est le r\u00e9sultat du pur jus de canne \u00e0 sucre (le c\u0153ur de chauffe) distill\u00e9 dans un alambic artisanal en cuivre \u00e0 repasse. Cet assemblage vieilli pendant 1 an dans un f\u00fbt de ch\u00eane am\u00e9ricain, puis 1 an dans un f\u00fbt de [&hellip;]","og_url":"https:\/\/box.gourmandinha.com\/index.php\/produit\/cachaca-artisanale-carvalho-et-cabriuva\/","og_site_name":"Gourmandinha","article_modified_time":"2025-11-03T13:49:18+00:00","og_image":[{"width":1536,"height":1536,"url":"https:\/\/box.gourmandinha.com\/wp-content\/uploads\/2024\/01\/Cachaca-Artisanale-Weber-Haus-Carvalho-et-Cabriuva-II-ans-dage-38-\u2013-70cl-BT-1536x1536-1.png","type":"image\/png"}],"twitter_card":"summary_large_image","twitter_misc":{"Dur\u00e9e de lecture estim\u00e9e":"1 minute"},"schema":{"@context":"https:\/\/schema.org","@graph":[{"@type":"WebPage","@id":"https:\/\/box.gourmandinha.com\/index.php\/produit\/cachaca-artisanale-carvalho-et-cabriuva\/","url":"https:\/\/box.gourmandinha.com\/index.php\/produit\/cachaca-artisanale-carvalho-et-cabriuva\/","name":"Cacha\u00e7a Artisanale Carvalho et Cabri\u00fava - Gourmandinha","isPartOf":{"@id":"https:\/\/box.gourmandinha.com\/#website"},"primaryImageOfPage":{"@id":"https:\/\/box.gourmandinha.com\/index.php\/produit\/cachaca-artisanale-carvalho-et-cabriuva\/#primaryimage"},"image":{"@id":"https:\/\/box.gourmandinha.com\/index.php\/produit\/cachaca-artisanale-carvalho-et-cabriuva\/#primaryimage"},"thumbnailUrl":"https:\/\/box.gourmandinha.com\/wp-content\/uploads\/2024\/01\/Cachaca-Artisanale-Weber-Haus-Carvalho-et-Cabriuva-II-ans-dage-38-\u2013-70cl-BT-1536x1536-1.png","datePublished":"2024-01-21T17:08:38+00:00","dateModified":"2025-11-03T13:49:18+00:00","breadcrumb":{"@id":"https:\/\/box.gourmandinha.com\/index.php\/produit\/cachaca-artisanale-carvalho-et-cabriuva\/#breadcrumb"},"inLanguage":"fr-FR","potentialAction":[{"@type":"ReadAction","target":["https:\/\/box.gourmandinha.com\/index.php\/produit\/cachaca-artisanale-carvalho-et-cabriuva\/"]}]},{"@type":"ImageObject","inLanguage":"fr-FR","@id":"https:\/\/box.gourmandinha.com\/index.php\/produit\/cachaca-artisanale-carvalho-et-cabriuva\/#primaryimage","url":"https:\/\/box.gourmandinha.com\/wp-content\/uploads\/2024\/01\/Cachaca-Artisanale-Weber-Haus-Carvalho-et-Cabriuva-II-ans-dage-38-\u2013-70cl-BT-1536x1536-1.png","contentUrl":"https:\/\/box.gourmandinha.com\/wp-content\/uploads\/2024\/01\/Cachaca-Artisanale-Weber-Haus-Carvalho-et-Cabriuva-II-ans-dage-38-\u2013-70cl-BT-1536x1536-1.png","width":1536,"height":1536},{"@type":"BreadcrumbList","@id":"https:\/\/box.gourmandinha.com\/index.php\/produit\/cachaca-artisanale-carvalho-et-cabriuva\/#breadcrumb","itemListElement":[{"@type":"ListItem","position":1,"name":"Accueil","item":"https:\/\/box.gourmandinha.com\/"},{"@type":"ListItem","position":2,"name":"Epicerie fine","item":"https:\/\/box.gourmandinha.com\/index.php\/epicerie-fine\/"},{"@type":"ListItem","position":3,"name":"Cacha\u00e7a Artisanale Carvalho et Cabri\u00fava"}]},{"@type":"WebSite","@id":"https:\/\/box.gourmandinha.com\/#website","url":"https:\/\/box.gourmandinha.com\/","name":"Gourmandinha","description":"","publisher":{"@id":"https:\/\/box.gourmandinha.com\/#organization"},"potentialAction":[{"@type":"SearchAction","target":{"@type":"EntryPoint","urlTemplate":"https:\/\/box.gourmandinha.com\/?s={search_term_string}"},"query-input":{"@type":"PropertyValueSpecification","valueRequired":true,"valueName":"search_term_string"}}],"inLanguage":"fr-FR"},{"@type":"Organization","@id":"https:\/\/box.gourmandinha.com\/#organization","name":"Gourmandinha","url":"https:\/\/box.gourmandinha.com\/","logo":{"@type":"ImageObject","inLanguage":"fr-FR","@id":"https:\/\/box.gourmandinha.com\/#\/schema\/logo\/image\/","url":"https:\/\/box.gourmandinha.com\/wp-content\/uploads\/2022\/06\/cropped-Ativo-224.png","contentUrl":"https:\/\/box.gourmandinha.com\/wp-content\/uploads\/2022\/06\/cropped-Ativo-224.png","width":2836,"height":466,"caption":"Gourmandinha"},"image":{"@id":"https:\/\/box.gourmandinha.com\/#\/schema\/logo\/image\/"}}]}},"_links":{"self":[{"href":"https:\/\/box.gourmandinha.com\/index.php\/wp-json\/wp\/v2\/product\/1744","targetHints":{"allow":["GET"]}}],"collection":[{"href":"https:\/\/box.gourmandinha.com\/index.php\/wp-json\/wp\/v2\/product"}],"about":[{"href":"https:\/\/box.gourmandinha.com\/index.php\/wp-json\/wp\/v2\/types\/product"}],"replies":[{"embeddable":true,"href":"https:\/\/box.gourmandinha.com\/index.php\/wp-json\/wp\/v2\/comments?post=1744"}],"version-history":[{"count":2,"href":"https:\/\/box.gourmandinha.com\/index.php\/wp-json\/wp\/v2\/product\/1744\/revisions"}],"predecessor-version":[{"id":1775,"href":"https:\/\/box.gourmandinha.com\/index.php\/wp-json\/wp\/v2\/product\/1744\/revisions\/1775"}],"wp:featuredmedia":[{"embeddable":true,"href":"https:\/\/box.gourmandinha.com\/index.php\/wp-json\/wp\/v2\/media\/1749"}],"wp:attachment":[{"href":"https:\/\/box.gourmandinha.com\/index.php\/wp-json\/wp\/v2\/media?parent=1744"}],"wp:term":[{"taxonomy":"product_brand","embeddable":true,"href":"https:\/\/box.gourmandinha.com\/index.php\/wp-json\/wp\/v2\/product_brand?post=1744"},{"taxonomy":"product_cat","embeddable":true,"href":"https:\/\/box.gourmandinha.com\/index.php\/wp-json\/wp\/v2\/product_cat?post=1744"},{"taxonomy":"product_tag","embeddable":true,"href":"https:\/\/box.gourmandinha.com\/index.php\/wp-json\/wp\/v2\/product_tag?post=1744"}],"curies":[{"name":"wp","href":"https:\/\/api.w.org\/{rel}","templated":true}]}}